{"id":1278,"date":"2023-04-11T15:49:13","date_gmt":"2023-04-11T13:49:13","guid":{"rendered":"https:\/\/quellenhof-moelln.de\/raeumlichkeiten\/"},"modified":"2023-06-15T12:06:09","modified_gmt":"2023-06-15T10:06:09","slug":"raeumlichkeiten","status":"publish","type":"page","link":"https:\/\/quellenhof-moelln.de\/en\/raeumlichkeiten\/","title":{"rendered":"R\u00e4umlichkeiten"},"content":{"rendered":"\t\t<div data-elementor-type=\"wp-page\" data-elementor-id=\"1278\" class=\"elementor elementor-1278 elementor-699\" data-elementor-settings=\"{&quot;ha_cmc_init_switcher&quot;:&quot;no&quot;}\" data-elementor-post-type=\"page\">\n\t\t\t\t\t\t<section class=\"elementor-section elementor-top-section elementor-element elementor-element-c88d9ed elementor-section-boxed elementor-section-height-default elementor-section-height-default\" data-id=\"c88d9ed\" data-element_type=\"section\" data-e-type=\"section\" data-settings=\"{&quot;background_background&quot;:&quot;classic&quot;,&quot;_ha_eqh_enable&quot;:false}\">\n\t\t\t\t\t\t\t<div class=\"elementor-background-overlay\"><\/div>\n\t\t\t\t\t\t\t<div class=\"elementor-container elementor-column-gap-default\">\n\t\t\t\t\t<div class=\"elementor-column elementor-col-100 elementor-top-column elementor-element elementor-element-4ad3f05\" data-id=\"4ad3f05\" data-element_type=\"column\" data-e-type=\"column\">\n\t\t\t<div class=\"elementor-widget-wrap elementor-element-populated\">\n\t\t\t\t\t\t<div class=\"elementor-element elementor-element-2da9b34 elementor-widget elementor-widget-spacer\" data-id=\"2da9b34\" data-element_type=\"widget\" data-e-type=\"widget\" data-widget_type=\"spacer.default\">\n\t\t\t\t<div class=\"elementor-widget-container\">\n\t\t\t\t\t\t\t<div class=\"elementor-spacer\">\n\t\t\t<div class=\"elementor-spacer-inner\"><\/div>\n\t\t<\/div>\n\t\t\t\t\t\t<\/div>\n\t\t\t\t<\/div>\n\t\t\t\t\t<\/div>\n\t\t<\/div>\n\t\t\t\t\t<\/div>\n\t\t<\/section>\n\t\t\t\t<section class=\"elementor-section elementor-top-section elementor-element elementor-element-47e07fe elementor-section-boxed elementor-section-height-default elementor-section-height-default\" data-id=\"47e07fe\" data-element_type=\"section\" data-e-type=\"section\" data-settings=\"{&quot;background_background&quot;:&quot;classic&quot;,&quot;_ha_eqh_enable&quot;:false}\">\n\t\t\t\t\t\t<div class=\"elementor-container elementor-column-gap-default\">\n\t\t\t\t\t<div class=\"elementor-column elementor-col-100 elementor-top-column elementor-element elementor-element-89f7faf\" data-id=\"89f7faf\" data-element_type=\"column\" data-e-type=\"column\">\n\t\t\t<div class=\"elementor-widget-wrap elementor-element-populated\">\n\t\t\t\t\t\t<div class=\"elementor-element elementor-element-3d908c0 elementor-widget elementor-widget-heading\" data-id=\"3d908c0\" data-element_type=\"widget\" data-e-type=\"widget\" data-widget_type=\"heading.default\">\n\t\t\t\t<div class=\"elementor-widget-container\">\n\t\t\t\t\t<h2 class=\"elementor-heading-title elementor-size-default\">Unsere R\u00e4umlichkeiten<\/h2>\t\t\t\t<\/div>\n\t\t\t\t<\/div>\n\t\t\t\t<section class=\"elementor-section elementor-inner-section elementor-element elementor-element-32274ba elementor-section-content-middle elementor-section-boxed elementor-section-height-default elementor-section-height-default\" data-id=\"32274ba\" data-element_type=\"section\" data-e-type=\"section\" data-settings=\"{&quot;_ha_eqh_enable&quot;:false}\">\n\t\t\t\t\t\t<div class=\"elementor-container elementor-column-gap-wider\">\n\t\t\t\t\t<div class=\"elementor-column elementor-col-50 elementor-inner-column elementor-element elementor-element-ed1685e\" data-id=\"ed1685e\" data-element_type=\"column\" data-e-type=\"column\">\n\t\t\t<div class=\"elementor-widget-wrap elementor-element-populated\">\n\t\t\t\t\t\t<div class=\"elementor-element elementor-element-eaf5f49 elementor-widget elementor-widget-heading\" data-id=\"eaf5f49\" data-element_type=\"widget\" data-e-type=\"widget\" data-widget_type=\"heading.default\">\n\t\t\t\t<div class=\"elementor-widget-container\">\n\t\t\t\t\t<h2 class=\"elementor-heading-title elementor-size-default\">Gro\u00dfer Saal<\/h2>\t\t\t\t<\/div>\n\t\t\t\t<\/div>\n\t\t\t\t<div class=\"elementor-element elementor-element-5437b1b elementor-widget elementor-widget-gallery\" data-id=\"5437b1b\" data-element_type=\"widget\" data-e-type=\"widget\" data-settings=\"{&quot;columns&quot;:2,&quot;lazyload&quot;:&quot;yes&quot;,&quot;gallery_layout&quot;:&quot;grid&quot;,&quot;columns_tablet&quot;:2,&quot;columns_mobile&quot;:1,&quot;gap&quot;:{&quot;unit&quot;:&quot;px&quot;,&quot;size&quot;:10,&quot;sizes&quot;:[]},&quot;gap_tablet&quot;:{&quot;unit&quot;:&quot;px&quot;,&quot;size&quot;:10,&quot;sizes&quot;:[]},&quot;gap_mobile&quot;:{&quot;unit&quot;:&quot;px&quot;,&quot;size&quot;:10,&quot;sizes&quot;:[]},&quot;link_to&quot;:&quot;file&quot;,&quot;aspect_ratio&quot;:&quot;3:2&quot;,&quot;overlay_background&quot;:&quot;yes&quot;,&quot;content_hover_animation&quot;:&quot;fade-in&quot;}\" data-widget_type=\"gallery.default\">\n\t\t\t\t<div class=\"elementor-widget-container\">\n\t\t\t\t\t\t\t<div class=\"elementor-gallery__container\">\n\t\t\t\t\t\t\t<a class=\"e-gallery-item elementor-gallery-item elementor-animated-content\" href=\"https:\/\/quellenhof-moelln.de\/wp-content\/uploads\/2023\/04\/quellenhof-moelln-grosser-saal-04.jpg\" data-elementor-open-lightbox=\"yes\" data-elementor-lightbox-slideshow=\"5437b1b\" data-elementor-lightbox-title=\"quellenhof-moelln-grosser-saal-04\" data-e-action-hash=\"#elementor-action%3Aaction%3Dlightbox%26settings%3DeyJpZCI6NzA2LCJ1cmwiOiJodHRwczpcL1wvcXVlbGxlbmhvZi1tb2VsbG4uZGVcL3dwLWNvbnRlbnRcL3VwbG9hZHNcLzIwMjNcLzA0XC9xdWVsbGVuaG9mLW1vZWxsbi1ncm9zc2VyLXNhYWwtMDQuanBnIiwic2xpZGVzaG93IjoiNTQzN2IxYiJ9\">\n\t\t\t\t\t<div class=\"e-gallery-image elementor-gallery-item__image\" data-thumbnail=\"https:\/\/quellenhof-moelln.de\/wp-content\/uploads\/2023\/04\/quellenhof-moelln-grosser-saal-04-768x510.jpg\" data-width=\"768\" data-height=\"510\" aria-label=\"\" role=\"img\" ><\/div>\n\t\t\t\t\t\t\t\t\t\t\t<div class=\"elementor-gallery-item__overlay\"><\/div>\n\t\t\t\t\t\t\t\t\t\t\t\t\t\t<\/a>\n\t\t\t\t\t\t\t<a class=\"e-gallery-item elementor-gallery-item elementor-animated-content\" href=\"https:\/\/quellenhof-moelln.de\/wp-content\/uploads\/2023\/04\/quellenhof-moelln-grosser-saal-01.jpg\" data-elementor-open-lightbox=\"yes\" data-elementor-lightbox-slideshow=\"5437b1b\" data-elementor-lightbox-title=\"quellenhof-moelln-grosser-saal-01\" data-e-action-hash=\"#elementor-action%3Aaction%3Dlightbox%26settings%3DeyJpZCI6NzAzLCJ1cmwiOiJodHRwczpcL1wvcXVlbGxlbmhvZi1tb2VsbG4uZGVcL3dwLWNvbnRlbnRcL3VwbG9hZHNcLzIwMjNcLzA0XC9xdWVsbGVuaG9mLW1vZWxsbi1ncm9zc2VyLXNhYWwtMDEuanBnIiwic2xpZGVzaG93IjoiNTQzN2IxYiJ9\">\n\t\t\t\t\t<div class=\"e-gallery-image elementor-gallery-item__image\" data-thumbnail=\"https:\/\/quellenhof-moelln.de\/wp-content\/uploads\/2023\/04\/quellenhof-moelln-grosser-saal-01-768x576.jpg\" data-width=\"768\" data-height=\"576\" aria-label=\"\" role=\"img\" ><\/div>\n\t\t\t\t\t\t\t\t\t\t\t<div class=\"elementor-gallery-item__overlay\"><\/div>\n\t\t\t\t\t\t\t\t\t\t\t\t\t\t<\/a>\n\t\t\t\t\t\t\t<a class=\"e-gallery-item elementor-gallery-item elementor-animated-content\" href=\"https:\/\/quellenhof-moelln.de\/wp-content\/uploads\/2023\/04\/quellenhof-moelln-grosser-saal-02.jpg\" data-elementor-open-lightbox=\"yes\" data-elementor-lightbox-slideshow=\"5437b1b\" data-elementor-lightbox-title=\"quellenhof-moelln-grosser-saal-02\" data-e-action-hash=\"#elementor-action%3Aaction%3Dlightbox%26settings%3DeyJpZCI6NzA0LCJ1cmwiOiJodHRwczpcL1wvcXVlbGxlbmhvZi1tb2VsbG4uZGVcL3dwLWNvbnRlbnRcL3VwbG9hZHNcLzIwMjNcLzA0XC9xdWVsbGVuaG9mLW1vZWxsbi1ncm9zc2VyLXNhYWwtMDIuanBnIiwic2xpZGVzaG93IjoiNTQzN2IxYiJ9\">\n\t\t\t\t\t<div class=\"e-gallery-image elementor-gallery-item__image\" data-thumbnail=\"https:\/\/quellenhof-moelln.de\/wp-content\/uploads\/2023\/04\/quellenhof-moelln-grosser-saal-02-768x373.jpg\" data-width=\"768\" data-height=\"373\" aria-label=\"\" role=\"img\" ><\/div>\n\t\t\t\t\t\t\t\t\t\t\t<div class=\"elementor-gallery-item__overlay\"><\/div>\n\t\t\t\t\t\t\t\t\t\t\t\t\t\t<\/a>\n\t\t\t\t\t\t\t<a class=\"e-gallery-item elementor-gallery-item elementor-animated-content\" href=\"https:\/\/quellenhof-moelln.de\/wp-content\/uploads\/2023\/04\/quellenhof-moelln-grosser-saal-03.jpg\" data-elementor-open-lightbox=\"yes\" data-elementor-lightbox-slideshow=\"5437b1b\" data-elementor-lightbox-title=\"quellenhof-moelln-grosser-saal-03\" data-e-action-hash=\"#elementor-action%3Aaction%3Dlightbox%26settings%3DeyJpZCI6NzA1LCJ1cmwiOiJodHRwczpcL1wvcXVlbGxlbmhvZi1tb2VsbG4uZGVcL3dwLWNvbnRlbnRcL3VwbG9hZHNcLzIwMjNcLzA0XC9xdWVsbGVuaG9mLW1vZWxsbi1ncm9zc2VyLXNhYWwtMDMuanBnIiwic2xpZGVzaG93IjoiNTQzN2IxYiJ9\">\n\t\t\t\t\t<div class=\"e-gallery-image elementor-gallery-item__image\" data-thumbnail=\"https:\/\/quellenhof-moelln.de\/wp-content\/uploads\/2023\/04\/quellenhof-moelln-grosser-saal-03-768x373.jpg\" data-width=\"768\" data-height=\"373\" aria-label=\"\" role=\"img\" ><\/div>\n\t\t\t\t\t\t\t\t\t\t\t<div class=\"elementor-gallery-item__overlay\"><\/div>\n\t\t\t\t\t\t\t\t\t\t\t\t\t\t<\/a>\n\t\t\t\t\t<\/div>\n\t\t\t\t\t<\/div>\n\t\t\t\t<\/div>\n\t\t\t\t\t<\/div>\n\t\t<\/div>\n\t\t\t\t<div class=\"elementor-column elementor-col-50 elementor-inner-column elementor-element elementor-element-4f82c78\" data-id=\"4f82c78\" data-element_type=\"column\" data-e-type=\"column\">\n\t\t\t<div class=\"elementor-widget-wrap elementor-element-populated\">\n\t\t\t\t\t\t<div class=\"elementor-element elementor-element-b98fb29 elementor-widget elementor-widget-heading\" data-id=\"b98fb29\" data-element_type=\"widget\" data-e-type=\"widget\" data-widget_type=\"heading.default\">\n\t\t\t\t<div class=\"elementor-widget-container\">\n\t\t\t\t\t<h2 class=\"elementor-heading-title elementor-size-default\">Wintergarten<\/h2>\t\t\t\t<\/div>\n\t\t\t\t<\/div>\n\t\t\t\t<div class=\"elementor-element elementor-element-29e1b95 elementor-widget elementor-widget-gallery\" data-id=\"29e1b95\" data-element_type=\"widget\" data-e-type=\"widget\" data-settings=\"{&quot;columns&quot;:2,&quot;lazyload&quot;:&quot;yes&quot;,&quot;gallery_layout&quot;:&quot;grid&quot;,&quot;columns_tablet&quot;:2,&quot;columns_mobile&quot;:1,&quot;gap&quot;:{&quot;unit&quot;:&quot;px&quot;,&quot;size&quot;:10,&quot;sizes&quot;:[]},&quot;gap_tablet&quot;:{&quot;unit&quot;:&quot;px&quot;,&quot;size&quot;:10,&quot;sizes&quot;:[]},&quot;gap_mobile&quot;:{&quot;unit&quot;:&quot;px&quot;,&quot;size&quot;:10,&quot;sizes&quot;:[]},&quot;link_to&quot;:&quot;file&quot;,&quot;aspect_ratio&quot;:&quot;3:2&quot;,&quot;overlay_background&quot;:&quot;yes&quot;,&quot;content_hover_animation&quot;:&quot;fade-in&quot;}\" data-widget_type=\"gallery.default\">\n\t\t\t\t<div class=\"elementor-widget-container\">\n\t\t\t\t\t\t\t<div class=\"elementor-gallery__container\">\n\t\t\t\t\t\t\t<a class=\"e-gallery-item elementor-gallery-item elementor-animated-content\" href=\"https:\/\/quellenhof-moelln.de\/wp-content\/uploads\/2023\/04\/wintergarten-01.jpg\" data-elementor-open-lightbox=\"yes\" data-elementor-lightbox-slideshow=\"29e1b95\" data-elementor-lightbox-title=\"wintergarten-01\" data-e-action-hash=\"#elementor-action%3Aaction%3Dlightbox%26settings%3DeyJpZCI6NzM4LCJ1cmwiOiJodHRwczpcL1wvcXVlbGxlbmhvZi1tb2VsbG4uZGVcL3dwLWNvbnRlbnRcL3VwbG9hZHNcLzIwMjNcLzA0XC93aW50ZXJnYXJ0ZW4tMDEuanBnIiwic2xpZGVzaG93IjoiMjllMWI5NSJ9\">\n\t\t\t\t\t<div class=\"e-gallery-image elementor-gallery-item__image\" data-thumbnail=\"https:\/\/quellenhof-moelln.de\/wp-content\/uploads\/2023\/04\/wintergarten-01.jpg\" data-width=\"656\" data-height=\"491\" aria-label=\"\" role=\"img\" ><\/div>\n\t\t\t\t\t\t\t\t\t\t\t<div class=\"elementor-gallery-item__overlay\"><\/div>\n\t\t\t\t\t\t\t\t\t\t\t\t\t\t<\/a>\n\t\t\t\t\t\t\t<a class=\"e-gallery-item elementor-gallery-item elementor-animated-content\" href=\"https:\/\/quellenhof-moelln.de\/wp-content\/uploads\/2023\/04\/wintergarten-02.jpg\" data-elementor-open-lightbox=\"yes\" data-elementor-lightbox-slideshow=\"29e1b95\" data-elementor-lightbox-title=\"wintergarten-02\" data-e-action-hash=\"#elementor-action%3Aaction%3Dlightbox%26settings%3DeyJpZCI6NzM5LCJ1cmwiOiJodHRwczpcL1wvcXVlbGxlbmhvZi1tb2VsbG4uZGVcL3dwLWNvbnRlbnRcL3VwbG9hZHNcLzIwMjNcLzA0XC93aW50ZXJnYXJ0ZW4tMDIuanBnIiwic2xpZGVzaG93IjoiMjllMWI5NSJ9\">\n\t\t\t\t\t<div class=\"e-gallery-image elementor-gallery-item__image\" data-thumbnail=\"https:\/\/quellenhof-moelln.de\/wp-content\/uploads\/2023\/04\/wintergarten-02.jpg\" data-width=\"636\" data-height=\"544\" aria-label=\"\" role=\"img\" ><\/div>\n\t\t\t\t\t\t\t\t\t\t\t<div class=\"elementor-gallery-item__overlay\"><\/div>\n\t\t\t\t\t\t\t\t\t\t\t\t\t\t<\/a>\n\t\t\t\t\t<\/div>\n\t\t\t\t\t<\/div>\n\t\t\t\t<\/div>\n\t\t\t\t\t<\/div>\n\t\t<\/div>\n\t\t\t\t\t<\/div>\n\t\t<\/section>\n\t\t\t\t<section class=\"elementor-section elementor-inner-section elementor-element elementor-element-7e330fe elementor-section-content-middle elementor-section-boxed elementor-section-height-default elementor-section-height-default\" data-id=\"7e330fe\" data-element_type=\"section\" data-e-type=\"section\" data-settings=\"{&quot;_ha_eqh_enable&quot;:false}\">\n\t\t\t\t\t\t<div class=\"elementor-container elementor-column-gap-wider\">\n\t\t\t\t\t<div class=\"elementor-column elementor-col-50 elementor-inner-column elementor-element elementor-element-92ba9ea\" data-id=\"92ba9ea\" data-element_type=\"column\" data-e-type=\"column\">\n\t\t\t<div class=\"elementor-widget-wrap elementor-element-populated\">\n\t\t\t\t\t\t<div class=\"elementor-element elementor-element-1bae9f7 elementor-widget elementor-widget-heading\" data-id=\"1bae9f7\" data-element_type=\"widget\" data-e-type=\"widget\" data-widget_type=\"heading.default\">\n\t\t\t\t<div class=\"elementor-widget-container\">\n\t\t\t\t\t<h2 class=\"elementor-heading-title elementor-size-default\">M\u00f6llner Zimmer<\/h2>\t\t\t\t<\/div>\n\t\t\t\t<\/div>\n\t\t\t\t<div class=\"elementor-element elementor-element-1d94dee elementor-widget elementor-widget-gallery\" data-id=\"1d94dee\" data-element_type=\"widget\" data-e-type=\"widget\" data-settings=\"{&quot;columns&quot;:2,&quot;lazyload&quot;:&quot;yes&quot;,&quot;gallery_layout&quot;:&quot;grid&quot;,&quot;columns_tablet&quot;:2,&quot;columns_mobile&quot;:1,&quot;gap&quot;:{&quot;unit&quot;:&quot;px&quot;,&quot;size&quot;:10,&quot;sizes&quot;:[]},&quot;gap_tablet&quot;:{&quot;unit&quot;:&quot;px&quot;,&quot;size&quot;:10,&quot;sizes&quot;:[]},&quot;gap_mobile&quot;:{&quot;unit&quot;:&quot;px&quot;,&quot;size&quot;:10,&quot;sizes&quot;:[]},&quot;link_to&quot;:&quot;file&quot;,&quot;aspect_ratio&quot;:&quot;3:2&quot;,&quot;overlay_background&quot;:&quot;yes&quot;,&quot;content_hover_animation&quot;:&quot;fade-in&quot;}\" data-widget_type=\"gallery.default\">\n\t\t\t\t<div class=\"elementor-widget-container\">\n\t\t\t\t\t\t\t<div class=\"elementor-gallery__container\">\n\t\t\t\t\t\t\t<a class=\"e-gallery-item elementor-gallery-item elementor-animated-content\" href=\"https:\/\/quellenhof-moelln.de\/wp-content\/uploads\/2023\/04\/moellner-zimmer-04.jpg\" data-elementor-open-lightbox=\"yes\" data-elementor-lightbox-slideshow=\"1d94dee\" data-elementor-lightbox-title=\"moellner-zimmer-04\" data-e-action-hash=\"#elementor-action%3Aaction%3Dlightbox%26settings%3DeyJpZCI6NzQxLCJ1cmwiOiJodHRwczpcL1wvcXVlbGxlbmhvZi1tb2VsbG4uZGVcL3dwLWNvbnRlbnRcL3VwbG9hZHNcLzIwMjNcLzA0XC9tb2VsbG5lci16aW1tZXItMDQuanBnIiwic2xpZGVzaG93IjoiMWQ5NGRlZSJ9\">\n\t\t\t\t\t<div class=\"e-gallery-image elementor-gallery-item__image\" data-thumbnail=\"https:\/\/quellenhof-moelln.de\/wp-content\/uploads\/2023\/04\/moellner-zimmer-04-768x576.jpg\" data-width=\"768\" data-height=\"576\" aria-label=\"\" role=\"img\" ><\/div>\n\t\t\t\t\t\t\t\t\t\t\t<div class=\"elementor-gallery-item__overlay\"><\/div>\n\t\t\t\t\t\t\t\t\t\t\t\t\t\t<\/a>\n\t\t\t\t\t\t\t<a class=\"e-gallery-item elementor-gallery-item elementor-animated-content\" href=\"https:\/\/quellenhof-moelln.de\/wp-content\/uploads\/2023\/04\/moellner-zimmer-01.jpg\" data-elementor-open-lightbox=\"yes\" data-elementor-lightbox-slideshow=\"1d94dee\" data-elementor-lightbox-title=\"moellner-zimmer-01\" data-e-action-hash=\"#elementor-action%3Aaction%3Dlightbox%26settings%3DeyJpZCI6NzQyLCJ1cmwiOiJodHRwczpcL1wvcXVlbGxlbmhvZi1tb2VsbG4uZGVcL3dwLWNvbnRlbnRcL3VwbG9hZHNcLzIwMjNcLzA0XC9tb2VsbG5lci16aW1tZXItMDEuanBnIiwic2xpZGVzaG93IjoiMWQ5NGRlZSJ9\">\n\t\t\t\t\t<div class=\"e-gallery-image elementor-gallery-item__image\" data-thumbnail=\"https:\/\/quellenhof-moelln.de\/wp-content\/uploads\/2023\/04\/moellner-zimmer-01-768x512.jpg\" data-width=\"768\" data-height=\"512\" aria-label=\"\" role=\"img\" ><\/div>\n\t\t\t\t\t\t\t\t\t\t\t<div class=\"elementor-gallery-item__overlay\"><\/div>\n\t\t\t\t\t\t\t\t\t\t\t\t\t\t<\/a>\n\t\t\t\t\t\t\t<a class=\"e-gallery-item elementor-gallery-item elementor-animated-content\" href=\"https:\/\/quellenhof-moelln.de\/wp-content\/uploads\/2023\/04\/moellner-zimmer-02.jpg\" data-elementor-open-lightbox=\"yes\" data-elementor-lightbox-slideshow=\"1d94dee\" data-elementor-lightbox-title=\"moellner-zimmer-02\" data-e-action-hash=\"#elementor-action%3Aaction%3Dlightbox%26settings%3DeyJpZCI6NzQzLCJ1cmwiOiJodHRwczpcL1wvcXVlbGxlbmhvZi1tb2VsbG4uZGVcL3dwLWNvbnRlbnRcL3VwbG9hZHNcLzIwMjNcLzA0XC9tb2VsbG5lci16aW1tZXItMDIuanBnIiwic2xpZGVzaG93IjoiMWQ5NGRlZSJ9\">\n\t\t\t\t\t<div class=\"e-gallery-image elementor-gallery-item__image\" data-thumbnail=\"https:\/\/quellenhof-moelln.de\/wp-content\/uploads\/2023\/04\/moellner-zimmer-02.jpg\" data-width=\"665\" data-height=\"1000\" aria-label=\"\" role=\"img\" ><\/div>\n\t\t\t\t\t\t\t\t\t\t\t<div class=\"elementor-gallery-item__overlay\"><\/div>\n\t\t\t\t\t\t\t\t\t\t\t\t\t\t<\/a>\n\t\t\t\t\t\t\t<a class=\"e-gallery-item elementor-gallery-item elementor-animated-content\" href=\"https:\/\/quellenhof-moelln.de\/wp-content\/uploads\/2023\/04\/moellner-zimmer-03.jpg\" data-elementor-open-lightbox=\"yes\" data-elementor-lightbox-slideshow=\"1d94dee\" data-elementor-lightbox-title=\"moellner-zimmer-03\" data-e-action-hash=\"#elementor-action%3Aaction%3Dlightbox%26settings%3DeyJpZCI6NzQ0LCJ1cmwiOiJodHRwczpcL1wvcXVlbGxlbmhvZi1tb2VsbG4uZGVcL3dwLWNvbnRlbnRcL3VwbG9hZHNcLzIwMjNcLzA0XC9tb2VsbG5lci16aW1tZXItMDMuanBnIiwic2xpZGVzaG93IjoiMWQ5NGRlZSJ9\">\n\t\t\t\t\t<div class=\"e-gallery-image elementor-gallery-item__image\" data-thumbnail=\"https:\/\/quellenhof-moelln.de\/wp-content\/uploads\/2023\/04\/moellner-zimmer-03-768x511.jpg\" data-width=\"768\" data-height=\"511\" aria-label=\"\" role=\"img\" ><\/div>\n\t\t\t\t\t\t\t\t\t\t\t<div class=\"elementor-gallery-item__overlay\"><\/div>\n\t\t\t\t\t\t\t\t\t\t\t\t\t\t<\/a>\n\t\t\t\t\t<\/div>\n\t\t\t\t\t<\/div>\n\t\t\t\t<\/div>\n\t\t\t\t\t<\/div>\n\t\t<\/div>\n\t\t\t\t<div class=\"elementor-column elementor-col-50 elementor-inner-column elementor-element elementor-element-c5ff33c\" data-id=\"c5ff33c\" data-element_type=\"column\" data-e-type=\"column\">\n\t\t\t<div class=\"elementor-widget-wrap elementor-element-populated\">\n\t\t\t\t\t\t<div class=\"elementor-element elementor-element-223a8f3 elementor-widget elementor-widget-heading\" data-id=\"223a8f3\" data-element_type=\"widget\" data-e-type=\"widget\" data-widget_type=\"heading.default\">\n\t\t\t\t<div class=\"elementor-widget-container\">\n\t\t\t\t\t<h2 class=\"elementor-heading-title elementor-size-default\">Konferenz Lounge<\/h2>\t\t\t\t<\/div>\n\t\t\t\t<\/div>\n\t\t\t\t<div class=\"elementor-element elementor-element-3c1bb8d elementor-widget elementor-widget-gallery\" data-id=\"3c1bb8d\" data-element_type=\"widget\" data-e-type=\"widget\" data-settings=\"{&quot;columns&quot;:2,&quot;lazyload&quot;:&quot;yes&quot;,&quot;gallery_layout&quot;:&quot;grid&quot;,&quot;columns_tablet&quot;:2,&quot;columns_mobile&quot;:1,&quot;gap&quot;:{&quot;unit&quot;:&quot;px&quot;,&quot;size&quot;:10,&quot;sizes&quot;:[]},&quot;gap_tablet&quot;:{&quot;unit&quot;:&quot;px&quot;,&quot;size&quot;:10,&quot;sizes&quot;:[]},&quot;gap_mobile&quot;:{&quot;unit&quot;:&quot;px&quot;,&quot;size&quot;:10,&quot;sizes&quot;:[]},&quot;link_to&quot;:&quot;file&quot;,&quot;aspect_ratio&quot;:&quot;3:2&quot;,&quot;overlay_background&quot;:&quot;yes&quot;,&quot;content_hover_animation&quot;:&quot;fade-in&quot;}\" data-widget_type=\"gallery.default\">\n\t\t\t\t<div class=\"elementor-widget-container\">\n\t\t\t\t\t\t\t<div class=\"elementor-gallery__container\">\n\t\t\t\t\t\t\t<a class=\"e-gallery-item elementor-gallery-item elementor-animated-content\" href=\"https:\/\/quellenhof-moelln.de\/wp-content\/uploads\/2023\/04\/konferenzlounge-01.jpg\" data-elementor-open-lightbox=\"yes\" data-elementor-lightbox-slideshow=\"3c1bb8d\" data-elementor-lightbox-title=\"konferenzlounge-01\" data-e-action-hash=\"#elementor-action%3Aaction%3Dlightbox%26settings%3DeyJpZCI6NzQ2LCJ1cmwiOiJodHRwczpcL1wvcXVlbGxlbmhvZi1tb2VsbG4uZGVcL3dwLWNvbnRlbnRcL3VwbG9hZHNcLzIwMjNcLzA0XC9rb25mZXJlbnpsb3VuZ2UtMDEuanBnIiwic2xpZGVzaG93IjoiM2MxYmI4ZCJ9\">\n\t\t\t\t\t<div class=\"e-gallery-image elementor-gallery-item__image\" data-thumbnail=\"https:\/\/quellenhof-moelln.de\/wp-content\/uploads\/2023\/04\/konferenzlounge-01-768x576.jpg\" data-width=\"768\" data-height=\"576\" aria-label=\"\" role=\"img\" ><\/div>\n\t\t\t\t\t\t\t\t\t\t\t<div class=\"elementor-gallery-item__overlay\"><\/div>\n\t\t\t\t\t\t\t\t\t\t\t\t\t\t<\/a>\n\t\t\t\t\t\t\t<a class=\"e-gallery-item elementor-gallery-item elementor-animated-content\" href=\"https:\/\/quellenhof-moelln.de\/wp-content\/uploads\/2023\/04\/konferenzlounge-02.jpg\" data-elementor-open-lightbox=\"yes\" data-elementor-lightbox-slideshow=\"3c1bb8d\" data-elementor-lightbox-title=\"konferenzlounge-02\" data-e-action-hash=\"#elementor-action%3Aaction%3Dlightbox%26settings%3DeyJpZCI6NzQ1LCJ1cmwiOiJodHRwczpcL1wvcXVlbGxlbmhvZi1tb2VsbG4uZGVcL3dwLWNvbnRlbnRcL3VwbG9hZHNcLzIwMjNcLzA0XC9rb25mZXJlbnpsb3VuZ2UtMDIuanBnIiwic2xpZGVzaG93IjoiM2MxYmI4ZCJ9\">\n\t\t\t\t\t<div class=\"e-gallery-image elementor-gallery-item__image\" data-thumbnail=\"https:\/\/quellenhof-moelln.de\/wp-content\/uploads\/2023\/04\/konferenzlounge-02-768x576.jpg\" data-width=\"768\" data-height=\"576\" aria-label=\"\" role=\"img\" ><\/div>\n\t\t\t\t\t\t\t\t\t\t\t<div class=\"elementor-gallery-item__overlay\"><\/div>\n\t\t\t\t\t\t\t\t\t\t\t\t\t\t<\/a>\n\t\t\t\t\t<\/div>\n\t\t\t\t\t<\/div>\n\t\t\t\t<\/div>\n\t\t\t\t\t<\/div>\n\t\t<\/div>\n\t\t\t\t\t<\/div>\n\t\t<\/section>\n\t\t\t\t\t<\/div>\n\t\t<\/div>\n\t\t\t\t\t<\/div>\n\t\t<\/section>\n\t\t\t\t<\/div>\n\t\t","protected":false},"excerpt":{"rendered":"<p>Unsere R\u00e4umlichkeiten Gro\u00dfer Saal Wintergarten M\u00f6llner Zimmer Konferenz Lounge<\/p>\n","protected":false},"author":2,"featured_media":0,"parent":0,"menu_order":70,"comment_status":"closed","ping_status":"closed","template":"","meta":{"footnotes":""},"class_list":["post-1278","page","type-page","status-publish","hentry"],"_links":{"self":[{"href":"https:\/\/quellenhof-moelln.de\/en\/wp-json\/wp\/v2\/pages\/1278","targetHints":{"allow":["GET"]}}],"collection":[{"href":"https:\/\/quellenhof-moelln.de\/en\/wp-json\/wp\/v2\/pages"}],"about":[{"href":"https:\/\/quellenhof-moelln.de\/en\/wp-json\/wp\/v2\/types\/page"}],"author":[{"embeddable":true,"href":"https:\/\/quellenhof-moelln.de\/en\/wp-json\/wp\/v2\/users\/2"}],"replies":[{"embeddable":true,"href":"https:\/\/quellenhof-moelln.de\/en\/wp-json\/wp\/v2\/comments?post=1278"}],"version-history":[{"count":1,"href":"https:\/\/quellenhof-moelln.de\/en\/wp-json\/wp\/v2\/pages\/1278\/revisions"}],"predecessor-version":[{"id":1280,"href":"https:\/\/quellenhof-moelln.de\/en\/wp-json\/wp\/v2\/pages\/1278\/revisions\/1280"}],"wp:attachment":[{"href":"https:\/\/quellenhof-moelln.de\/en\/wp-json\/wp\/v2\/media?parent=1278"}],"curies":[{"name":"wp","href":"https:\/\/api.w.org\/{rel}","templated":true}]}}